{"id":3388,"date":"2026-08-31T11:54:18","date_gmt":"2026-08-31T09:54:18","guid":{"rendered":"https:\/\/sel-marin-noirmoutier.fr\/?post_type=product&#038;p=3388"},"modified":"2026-08-31T12:05:48","modified_gmt":"2026-08-31T10:05:48","slug":"sel-fin-de-noirmoutier-sel-fou-phare-100-g","status":"publish","type":"product","link":"https:\/\/sel-marin-noirmoutier.fr\/produit\/sel-fin-de-noirmoutier-sel-fou-phare-100-g\/","title":{"rendered":"SEL FIN DE NOIRMOUTIER  SEL FOU &#8211;  PHARE 100 G"},"content":{"rendered":"<p>Ingr\u00e9dients :<\/p>\n<p>94% de sel marin gris de table et assortiment\u00a0Poivre fin Bio, Paprika Poudre Bio, Romarin coup\u00e9 Bio, Thym mond\u00e9 Bio, Ail semoule Bio, Echalote semoule Bio, Huile de tournesol Bio<\/p>\n<p>A conserver \u00e0 l&rsquo;abri de l&rsquo;humidit\u00e9<\/p>\n<p>D\u00e9couvrez notre sel fin FOU de Noirmoutier , pr\u00e9sent\u00e9 dans une bo\u00eete en forme de phare, contenant 100g d&rsquo;un m\u00e9lange savoureux de sel et de condiments . Ce sel de qualit\u00e9, rehaussera toutes vos pr\u00e9parations d&rsquo;une explosion de saveurs.\u00a0<span style=\"font-size: 10.5pt;font-family: &#039;Segoe UI&#039;,sans-serif\">Un assaisonnement au <strong><span style=\"font-family: &#039;Segoe UI&#039;,sans-serif;font-weight: normal\">sel fin<\/span><\/strong> con\u00e7u pour apporter une touche de caract\u00e8re \u00e0 toutes vos recettes les plus folles telles que\u00a0:<\/span><\/p>\n<p style=\"line-height: 15.0pt\"><strong><span style=\"font-size: 10.5pt;font-family: &#039;Segoe UI&#039;,sans-serif\">La past\u00e8que fra\u00eeche<\/span><\/strong><span style=\"font-size: 10.5pt;font-family: &#039;Segoe UI&#039;,sans-serif\"> : une pinc\u00e9e pour faire ressortir toute sa douceur et surprendre les papilles.<\/span><\/p>\n<p style=\"line-height: 15.0pt\"><strong><span style=\"font-size: 10.5pt;font-family: &#039;Segoe UI&#039;,sans-serif\">Le chocolat noir<\/span><\/strong><span style=\"font-size: 10.5pt;font-family: &#039;Segoe UI&#039;,sans-serif\"> : saupoudr\u00e9 sur un carr\u00e9 de chocolat ou une mousse au chocolat pour un contraste sucr\u00e9-sal\u00e9 irr\u00e9sistible.<\/span><\/p>\n<p style=\"line-height: 15.0pt\"><strong><span style=\"font-size: 10.5pt;font-family: &#039;Segoe UI&#039;,sans-serif\">Le pop-corn maison<\/span><\/strong><span style=\"font-size: 10.5pt;font-family: &#039;Segoe UI&#039;,sans-serif\"> : pour un ap\u00e9ritif gourmand qui change des classiques.<\/span><\/p>\n<p style=\"line-height: 15.0pt\"><strong><span style=\"font-size: 10.5pt;font-family: &#039;Segoe UI&#039;,sans-serif\">Les noix de cajou ou amandes grill\u00e9es<\/span><\/strong><span style=\"font-size: 10.5pt;font-family: &#039;Segoe UI&#039;,sans-serif\"> : parfait pour un ap\u00e9ro plein de caract\u00e8re.<\/span><\/p>\n<p style=\"line-height: 15.0pt\"><strong><span style=\"font-size: 10.5pt;font-family: &#039;Segoe UI&#039;,sans-serif\">La glace vanille ou caramel<\/span><\/strong><span style=\"font-size: 10.5pt;font-family: &#039;Segoe UI&#039;,sans-serif\"> : une touche de Sel Fou pour une exp\u00e9rience sucr\u00e9e-sal\u00e9e \u00e9tonnante.<\/span><\/p>\n<p style=\"line-height: 15.0pt\"><strong><span style=\"font-size: 10.5pt;font-family: &#039;Segoe UI&#039;,sans-serif\">Le beurre sur une tartine chaude<\/span><\/strong><span style=\"font-size: 10.5pt;font-family: &#039;Segoe UI&#039;,sans-serif\"> : simple, mais terriblement efficace.<\/span><\/p>\n<p style=\"line-height: 15.0pt\"><strong><span style=\"font-size: 10.5pt;font-family: &#039;Segoe UI&#039;,sans-serif\">L&rsquo;ananas r\u00f4ti au barbecue<\/span><\/strong><span style=\"font-size: 10.5pt;font-family: &#039;Segoe UI&#039;,sans-serif\"> : le sel sublime le c\u00f4t\u00e9 caram\u00e9lis\u00e9 du fruit.<\/span><\/p>\n<p>&nbsp;<\/p>\n","protected":false},"excerpt":{"rendered":"<p>Ingr\u00e9dients : 94% de sel marin gris de table et assortiment\u00a0Poivre fin Bio, Paprika Poudre Bio, Romarin coup\u00e9 Bio, Thym mond\u00e9 Bio, Ail semoule Bio, Echalote semoule Bio, Huile de tournesol Bio A conserver \u00e0 l&rsquo;abri de l&rsquo;humidit\u00e9 D\u00e9couvrez notre sel fin FOU de Noirmoutier , pr\u00e9sent\u00e9 dans une bo\u00eete en forme de phare, contenant [&hellip;]<\/p>\n","protected":false},"featured_media":3389,"template":"","meta":{"_et_pb_use_builder":"","_et_pb_old_content":"","_et_gb_content_width":""},"product_brand":[],"product_cat":[22],"product_tag":[62,61,43,38],"class_list":["post-3388","product","type-product","status-publish","has-post-thumbnail","product_cat-sel-fin","product_tag-grillades","product_tag-phare","product_tag-saliere","product_tag-sel-fin","first","instock","taxable","shipping-taxable","purchasable","product-type-simple"],"yoast_head":"<!-- This site is optimized with the Yoast SEO plugin v28.3 - https:\/\/yoast.com\/product\/yoast-seo-wordpress\/ -->\n<title>SEL FIN DE NOIRMOUTIER SEL FOU - PHARE 100 G - Sel Marin de Noirmoutier<\/title>\n<meta name=\"description\" content=\"D\u00e9couvrez notre Sel Fin de Noirmoutier sp\u00e9cial grillades, pr\u00e9sent\u00e9 dans une bo\u00eete phare de 100g. Un m\u00e9lange savoureux de sel marin gris et d&#039;aromates.\" \/>\n<meta name=\"robots\" content=\"index, follow, max-snippet:-1, max-image-preview:large, max-video-preview:-1\" \/>\n<link rel=\"canonical\" href=\"https:\/\/sel-marin-noirmoutier.fr\/produit\/sel-fin-de-noirmoutier-sel-fou-phare-100-g\/\" \/>\n<meta property=\"og:locale\" content=\"fr_FR\" \/>\n<meta property=\"og:type\" content=\"article\" \/>\n<meta property=\"og:title\" content=\"SEL FIN DE NOIRMOUTIER SEL FOU - PHARE 100 G - Sel Marin de Noirmoutier\" \/>\n<meta property=\"og:description\" content=\"D\u00e9couvrez notre Sel Fin de Noirmoutier sp\u00e9cial grillades, pr\u00e9sent\u00e9 dans une bo\u00eete phare de 100g. Un m\u00e9lange savoureux de sel marin gris et d&#039;aromates.\" \/>\n<meta property=\"og:url\" content=\"https:\/\/sel-marin-noirmoutier.fr\/produit\/sel-fin-de-noirmoutier-sel-fou-phare-100-g\/\" \/>\n<meta property=\"og:site_name\" content=\"Sel Marin de Noirmoutier\" \/>\n<meta property=\"article:modified_time\" content=\"2026-08-31T10:05:48+00:00\" \/>\n<meta property=\"og:image\" content=\"https:\/\/sel-marin-noirmoutier.fr\/wp-content\/uploads\/2026\/08\/IMG_9583-removebg-preview.png\" \/>\n\t<meta property=\"og:image:width\" content=\"408\" \/>\n\t<meta property=\"og:image:height\" content=\"612\" \/>\n\t<meta property=\"og:image:type\" content=\"image\/png\" \/>\n<meta name=\"twitter:card\" content=\"summary_large_image\" \/>\n<meta name=\"twitter:label1\" content=\"Dur\u00e9e de lecture estim\u00e9e\" \/>\n\t<meta name=\"twitter:data1\" content=\"2 minutes\" \/>\n<script type=\"application\/ld+json\" class=\"yoast-schema-graph\">{\"@context\":\"https:\\\/\\\/schema.org\",\"@graph\":[{\"@type\":\"WebPage\",\"@id\":\"https:\\\/\\\/sel-marin-noirmoutier.fr\\\/produit\\\/sel-fin-de-noirmoutier-sel-fou-phare-100-g\\\/\",\"url\":\"https:\\\/\\\/sel-marin-noirmoutier.fr\\\/produit\\\/sel-fin-de-noirmoutier-sel-fou-phare-100-g\\\/\",\"name\":\"SEL FIN DE NOIRMOUTIER SEL FOU - PHARE 100 G - Sel Marin de Noirmoutier\",\"isPartOf\":{\"@id\":\"https:\\\/\\\/sel-marin-noirmoutier.fr\\\/#website\"},\"primaryImageOfPage\":{\"@id\":\"https:\\\/\\\/sel-marin-noirmoutier.fr\\\/produit\\\/sel-fin-de-noirmoutier-sel-fou-phare-100-g\\\/#primaryimage\"},\"image\":{\"@id\":\"https:\\\/\\\/sel-marin-noirmoutier.fr\\\/produit\\\/sel-fin-de-noirmoutier-sel-fou-phare-100-g\\\/#primaryimage\"},\"thumbnailUrl\":\"https:\\\/\\\/sel-marin-noirmoutier.fr\\\/wp-content\\\/uploads\\\/2026\\\/08\\\/IMG_9583-removebg-preview.png\",\"datePublished\":\"2026-08-31T09:54:18+00:00\",\"dateModified\":\"2026-08-31T10:05:48+00:00\",\"description\":\"D\u00e9couvrez notre Sel Fin de Noirmoutier sp\u00e9cial grillades, pr\u00e9sent\u00e9 dans une bo\u00eete phare de 100g. Un m\u00e9lange savoureux de sel marin gris et d'aromates.\",\"breadcrumb\":{\"@id\":\"https:\\\/\\\/sel-marin-noirmoutier.fr\\\/produit\\\/sel-fin-de-noirmoutier-sel-fou-phare-100-g\\\/#breadcrumb\"},\"inLanguage\":\"fr-FR\",\"potentialAction\":[{\"@type\":\"ReadAction\",\"target\":[\"https:\\\/\\\/sel-marin-noirmoutier.fr\\\/produit\\\/sel-fin-de-noirmoutier-sel-fou-phare-100-g\\\/\"]}]},{\"@type\":\"ImageObject\",\"inLanguage\":\"fr-FR\",\"@id\":\"https:\\\/\\\/sel-marin-noirmoutier.fr\\\/produit\\\/sel-fin-de-noirmoutier-sel-fou-phare-100-g\\\/#primaryimage\",\"url\":\"https:\\\/\\\/sel-marin-noirmoutier.fr\\\/wp-content\\\/uploads\\\/2026\\\/08\\\/IMG_9583-removebg-preview.png\",\"contentUrl\":\"https:\\\/\\\/sel-marin-noirmoutier.fr\\\/wp-content\\\/uploads\\\/2026\\\/08\\\/IMG_9583-removebg-preview.png\",\"width\":408,\"height\":612},{\"@type\":\"BreadcrumbList\",\"@id\":\"https:\\\/\\\/sel-marin-noirmoutier.fr\\\/produit\\\/sel-fin-de-noirmoutier-sel-fou-phare-100-g\\\/#breadcrumb\",\"itemListElement\":[{\"@type\":\"ListItem\",\"position\":1,\"name\":\"Accueil\",\"item\":\"https:\\\/\\\/sel-marin-noirmoutier.fr\\\/\"},{\"@type\":\"ListItem\",\"position\":2,\"name\":\"Boutique\",\"item\":\"https:\\\/\\\/sel-marin-noirmoutier.fr\\\/boutique\\\/\"},{\"@type\":\"ListItem\",\"position\":3,\"name\":\"SEL FIN DE NOIRMOUTIER SEL FOU &#8211; PHARE 100 G\"}]},{\"@type\":\"WebSite\",\"@id\":\"https:\\\/\\\/sel-marin-noirmoutier.fr\\\/#website\",\"url\":\"https:\\\/\\\/sel-marin-noirmoutier.fr\\\/\",\"name\":\"Sel Marin de Noirmoutier\",\"description\":\"Coop\u00e9rative de sel de Noirmoutier\",\"publisher\":{\"@id\":\"https:\\\/\\\/sel-marin-noirmoutier.fr\\\/#organization\"},\"potentialAction\":[{\"@type\":\"SearchAction\",\"target\":{\"@type\":\"EntryPoint\",\"urlTemplate\":\"https:\\\/\\\/sel-marin-noirmoutier.fr\\\/?s={search_term_string}\"},\"query-input\":{\"@type\":\"PropertyValueSpecification\",\"valueRequired\":true,\"valueName\":\"search_term_string\"}}],\"inLanguage\":\"fr-FR\"},{\"@type\":\"Organization\",\"@id\":\"https:\\\/\\\/sel-marin-noirmoutier.fr\\\/#organization\",\"name\":\"Sel Marin de Noirmoutier\",\"url\":\"https:\\\/\\\/sel-marin-noirmoutier.fr\\\/\",\"logo\":{\"@type\":\"ImageObject\",\"inLanguage\":\"fr-FR\",\"@id\":\"https:\\\/\\\/sel-marin-noirmoutier.fr\\\/#\\\/schema\\\/logo\\\/image\\\/\",\"url\":\"https:\\\/\\\/sel-marin-noirmoutier.fr\\\/wp-content\\\/uploads\\\/2022\\\/08\\\/cropped-logo-fill.png\",\"contentUrl\":\"https:\\\/\\\/sel-marin-noirmoutier.fr\\\/wp-content\\\/uploads\\\/2022\\\/08\\\/cropped-logo-fill.png\",\"width\":512,\"height\":512,\"caption\":\"Sel Marin de Noirmoutier\"},\"image\":{\"@id\":\"https:\\\/\\\/sel-marin-noirmoutier.fr\\\/#\\\/schema\\\/logo\\\/image\\\/\"}}]}<\/script>\n<!-- \/ Yoast SEO plugin. -->","yoast_head_json":{"title":"SEL FIN DE NOIRMOUTIER SEL FOU - PHARE 100 G - Sel Marin de Noirmoutier","description":"D\u00e9couvrez notre Sel Fin de Noirmoutier sp\u00e9cial grillades, pr\u00e9sent\u00e9 dans une bo\u00eete phare de 100g. Un m\u00e9lange savoureux de sel marin gris et d'aromates.","robots":{"index":"index","follow":"follow","max-snippet":"max-snippet:-1","max-image-preview":"max-image-preview:large","max-video-preview":"max-video-preview:-1"},"canonical":"https:\/\/sel-marin-noirmoutier.fr\/produit\/sel-fin-de-noirmoutier-sel-fou-phare-100-g\/","og_locale":"fr_FR","og_type":"article","og_title":"SEL FIN DE NOIRMOUTIER SEL FOU - PHARE 100 G - Sel Marin de Noirmoutier","og_description":"D\u00e9couvrez notre Sel Fin de Noirmoutier sp\u00e9cial grillades, pr\u00e9sent\u00e9 dans une bo\u00eete phare de 100g. Un m\u00e9lange savoureux de sel marin gris et d'aromates.","og_url":"https:\/\/sel-marin-noirmoutier.fr\/produit\/sel-fin-de-noirmoutier-sel-fou-phare-100-g\/","og_site_name":"Sel Marin de Noirmoutier","article_modified_time":"2026-08-31T10:05:48+00:00","og_image":[{"width":408,"height":612,"url":"https:\/\/sel-marin-noirmoutier.fr\/wp-content\/uploads\/2026\/08\/IMG_9583-removebg-preview.png","type":"image\/png"}],"twitter_card":"summary_large_image","twitter_misc":{"Dur\u00e9e de lecture estim\u00e9e":"2 minutes"},"schema":{"@context":"https:\/\/schema.org","@graph":[{"@type":"WebPage","@id":"https:\/\/sel-marin-noirmoutier.fr\/produit\/sel-fin-de-noirmoutier-sel-fou-phare-100-g\/","url":"https:\/\/sel-marin-noirmoutier.fr\/produit\/sel-fin-de-noirmoutier-sel-fou-phare-100-g\/","name":"SEL FIN DE NOIRMOUTIER SEL FOU - PHARE 100 G - Sel Marin de Noirmoutier","isPartOf":{"@id":"https:\/\/sel-marin-noirmoutier.fr\/#website"},"primaryImageOfPage":{"@id":"https:\/\/sel-marin-noirmoutier.fr\/produit\/sel-fin-de-noirmoutier-sel-fou-phare-100-g\/#primaryimage"},"image":{"@id":"https:\/\/sel-marin-noirmoutier.fr\/produit\/sel-fin-de-noirmoutier-sel-fou-phare-100-g\/#primaryimage"},"thumbnailUrl":"https:\/\/sel-marin-noirmoutier.fr\/wp-content\/uploads\/2026\/08\/IMG_9583-removebg-preview.png","datePublished":"2026-08-31T09:54:18+00:00","dateModified":"2026-08-31T10:05:48+00:00","description":"D\u00e9couvrez notre Sel Fin de Noirmoutier sp\u00e9cial grillades, pr\u00e9sent\u00e9 dans une bo\u00eete phare de 100g. Un m\u00e9lange savoureux de sel marin gris et d'aromates.","breadcrumb":{"@id":"https:\/\/sel-marin-noirmoutier.fr\/produit\/sel-fin-de-noirmoutier-sel-fou-phare-100-g\/#breadcrumb"},"inLanguage":"fr-FR","potentialAction":[{"@type":"ReadAction","target":["https:\/\/sel-marin-noirmoutier.fr\/produit\/sel-fin-de-noirmoutier-sel-fou-phare-100-g\/"]}]},{"@type":"ImageObject","inLanguage":"fr-FR","@id":"https:\/\/sel-marin-noirmoutier.fr\/produit\/sel-fin-de-noirmoutier-sel-fou-phare-100-g\/#primaryimage","url":"https:\/\/sel-marin-noirmoutier.fr\/wp-content\/uploads\/2026\/08\/IMG_9583-removebg-preview.png","contentUrl":"https:\/\/sel-marin-noirmoutier.fr\/wp-content\/uploads\/2026\/08\/IMG_9583-removebg-preview.png","width":408,"height":612},{"@type":"BreadcrumbList","@id":"https:\/\/sel-marin-noirmoutier.fr\/produit\/sel-fin-de-noirmoutier-sel-fou-phare-100-g\/#breadcrumb","itemListElement":[{"@type":"ListItem","position":1,"name":"Accueil","item":"https:\/\/sel-marin-noirmoutier.fr\/"},{"@type":"ListItem","position":2,"name":"Boutique","item":"https:\/\/sel-marin-noirmoutier.fr\/boutique\/"},{"@type":"ListItem","position":3,"name":"SEL FIN DE NOIRMOUTIER SEL FOU &#8211; PHARE 100 G"}]},{"@type":"WebSite","@id":"https:\/\/sel-marin-noirmoutier.fr\/#website","url":"https:\/\/sel-marin-noirmoutier.fr\/","name":"Sel Marin de Noirmoutier","description":"Coop\u00e9rative de sel de Noirmoutier","publisher":{"@id":"https:\/\/sel-marin-noirmoutier.fr\/#organization"},"potentialAction":[{"@type":"SearchAction","target":{"@type":"EntryPoint","urlTemplate":"https:\/\/sel-marin-noirmoutier.fr\/?s={search_term_string}"},"query-input":{"@type":"PropertyValueSpecification","valueRequired":true,"valueName":"search_term_string"}}],"inLanguage":"fr-FR"},{"@type":"Organization","@id":"https:\/\/sel-marin-noirmoutier.fr\/#organization","name":"Sel Marin de Noirmoutier","url":"https:\/\/sel-marin-noirmoutier.fr\/","logo":{"@type":"ImageObject","inLanguage":"fr-FR","@id":"https:\/\/sel-marin-noirmoutier.fr\/#\/schema\/logo\/image\/","url":"https:\/\/sel-marin-noirmoutier.fr\/wp-content\/uploads\/2022\/08\/cropped-logo-fill.png","contentUrl":"https:\/\/sel-marin-noirmoutier.fr\/wp-content\/uploads\/2022\/08\/cropped-logo-fill.png","width":512,"height":512,"caption":"Sel Marin de Noirmoutier"},"image":{"@id":"https:\/\/sel-marin-noirmoutier.fr\/#\/schema\/logo\/image\/"}}]}},"_links":{"self":[{"href":"https:\/\/sel-marin-noirmoutier.fr\/api\/wp\/v2\/product\/3388","targetHints":{"allow":["GET"]}}],"collection":[{"href":"https:\/\/sel-marin-noirmoutier.fr\/api\/wp\/v2\/product"}],"about":[{"href":"https:\/\/sel-marin-noirmoutier.fr\/api\/wp\/v2\/types\/product"}],"wp:featuredmedia":[{"embeddable":true,"href":"https:\/\/sel-marin-noirmoutier.fr\/api\/wp\/v2\/media\/3389"}],"wp:attachment":[{"href":"https:\/\/sel-marin-noirmoutier.fr\/api\/wp\/v2\/media?parent=3388"}],"wp:term":[{"taxonomy":"product_brand","embeddable":true,"href":"https:\/\/sel-marin-noirmoutier.fr\/api\/wp\/v2\/product_brand?post=3388"},{"taxonomy":"product_cat","embeddable":true,"href":"https:\/\/sel-marin-noirmoutier.fr\/api\/wp\/v2\/product_cat?post=3388"},{"taxonomy":"product_tag","embeddable":true,"href":"https:\/\/sel-marin-noirmoutier.fr\/api\/wp\/v2\/product_tag?post=3388"}],"curies":[{"name":"wp","href":"https:\/\/api.w.org\/{rel}","templated":true}]}}